{"id":15767,"date":"2020-03-25T13:11:01","date_gmt":"2020-03-25T12:11:01","guid":{"rendered":"http:\/\/www.zeitzfrankozeitz.de\/?page_id=15767"},"modified":"2024-09-04T15:44:48","modified_gmt":"2024-09-04T13:44:48","slug":"interdisziplinaere-interaktion-bei-vaskulaeren-erkrankungen-des-auges","status":"publish","type":"page","link":"https:\/\/www.zeitzfrankozeitz.de\/hr\/wissenschaftliche-arbeit\/interdisziplinaere-interaktion-bei-vaskulaeren-erkrankungen-des-auges\/","title":{"rendered":"Interdisziplin\u00e4re Interaktion bei vaskul\u00e4ren Erkrankungen des Auges"},"content":{"rendered":"\n<p><a href=\"https:\/\/link.springer.com\/journal\/347\/111\/1\/page\/1\" target=\"_blank\" rel=\"noreferrer noopener\">Leitthema &#8220;Der Ophthalmologe&#8221; Januar 2014, Gastredaktion: Philipp Franko Zeitz<\/a><\/p>\n\n\n\n<p><strong>Artikel\u00fcbersicht:<\/strong><\/p>\n\n\n\n<p><em><a href=\"https:\/\/link.springer.com\/article\/10.1007\/s00347-013-2910-2\" target=\"_blank\" rel=\"noreferrer noopener\">&#8220;Interdisziplin\u00e4re Interaktion bei vaskul\u00e4ren Erkrankungen des Auges&#8221;<\/a><\/em>, Dr. P. Franko Zeitz<\/p>\n\n\n\n<p><em><a href=\"https:\/\/link.springer.com\/article\/10.1007\/s00347-013-2911-1\" target=\"_blank\" rel=\"noreferrer noopener\">&#8220;Vaskul\u00e4re Netzhauterkrankungen als Spiegel generalisierter Gef\u00e4\u00dfver\u00e4nderungen&#8221;<\/a><\/em>, Prof. Dr. N. Feltgen, P. Franko Zeitz<\/p>\n\n\n\n<p><em><a href=\"https:\/\/link.springer.com\/article\/10.1007\/s00347-013-2912-0\" target=\"_blank\" rel=\"noreferrer noopener\">&#8220;Interdisziplin\u00e4re Interaktion bei vaskul\u00e4ren Erkrankungen des Auges&#8221;<\/a><\/em>, Prof. Dr. G. Nelles<\/p>\n\n\n\n<p><em><a href=\"https:\/\/link.springer.com\/article\/10.1007\/s00347-013-2913-z\" target=\"_blank\" rel=\"noreferrer noopener\">&#8220;Interdisziplin\u00e4re Interaktion bei vaskul\u00e4ren Erkrankungen des Auges, Diabetes und diabetischer Retinopathie&#8221;<\/a><\/em>, Prof. Dr. W. Kleophas, F. Dellanna<\/p>\n\n\n\n<p><em><a href=\"https:\/\/link.springer.com\/article\/10.1007\/s00347-013-2915-x\" target=\"_blank\" rel=\"noreferrer noopener\">&#8220;Kardiovaskul\u00e4re und h\u00e4mostaseologische Sicht retinaler Gef\u00e4\u00dfverschl\u00fcsse&#8221;<\/a><\/em>, Dr. H. Seidel, E. Stegemann, PD Dr. C. Heiss<\/p>\n\n\n\n<figure class=\"wp-block-image size-large\"><img loading=\"lazy\" decoding=\"async\" width=\"878\" height=\"544\" src=\"http:\/\/www.zeitzfrankozeitz.de\/wp-content\/uploads\/Diabetes-1.jpg\" alt=\"\" class=\"wp-image-15768\" srcset=\"https:\/\/www.zeitzfrankozeitz.de\/wp-content\/uploads\/Diabetes-1.jpg 878w, https:\/\/www.zeitzfrankozeitz.de\/wp-content\/uploads\/Diabetes-1-300x186.jpg 300w, https:\/\/www.zeitzfrankozeitz.de\/wp-content\/uploads\/Diabetes-1-768x476.jpg 768w\" sizes=\"(max-width: 878px) 100vw, 878px\" \/><figcaption class=\"wp-element-caption\">Gef\u00e4\u00dferkrankungen des Auges: Diabetische Retinopathie<\/figcaption><\/figure>\n\n\n\n<hr class=\"wp-block-separator has-css-opacity\"\/>\n\n\n\n<p><strong>Autoren:<\/strong><\/p>\n\n\n\n<p><strong>Professor Dr. Nicolas Feltgen<\/strong>, leitender Oberarzt, Augenklinik der Universit\u00e4t G\u00f6ttingen<\/p>\n\n\n\n<p><strong>Professor Dr. Gereon Nelles<\/strong>, Neurologe, K\u00f6ln<\/p>\n\n\n\n<p><strong>Professor Dr. Werner Kleophas<\/strong>&nbsp;und&nbsp;<strong>Professor Dr. Frank Dellanna<\/strong>, D\u00fcsseldorf<\/p>\n\n\n\n<p><strong>Dr. Holger Seidel<\/strong>, Oberarzt, H\u00e4mostaseologie, Universit\u00e4t D\u00fcsseldorf<\/p>\n\n\n\n<p><strong>PD Dr. Christian Heiss&nbsp;<\/strong>und&nbsp;<strong>Dr. Emilia Stegmann<\/strong>, Kardiologie, Pneumologie und Angiologie, Universit\u00e4t D\u00fcsseldorf<br><br><\/p>\n","protected":false},"excerpt":{"rendered":"<p>Leitthema &#8220;Der Ophthalmologe&#8221; Januar 2014, Gastredaktion: Philipp Franko Zeitz Artikel\u00fcbersicht: &#8220;Interdisziplin\u00e4re Interaktion bei vaskul\u00e4ren Erkrankungen des Auges&#8221;, Dr. P. Franko Zeitz &#8220;Vaskul\u00e4re Netzhauterkrankungen als Spiegel generalisierter Gef\u00e4\u00dfver\u00e4nderungen&#8221;, Prof. Dr. N. Feltgen, P. Franko Zeitz &#8220;Interdisziplin\u00e4re Interaktion bei vaskul\u00e4ren Erkrankungen des Auges&#8221;, Prof. Dr. G. Nelles &#8220;Interdisziplin\u00e4re Interaktion bei vaskul\u00e4ren Erkrankungen des Auges, Diabetes und diabetischer [&hellip;]<\/p>\n","protected":false},"author":1,"featured_media":0,"parent":15731,"menu_order":0,"comment_status":"closed","ping_status":"closed","template":"","meta":{"footnotes":""},"class_list":["post-15767","page","type-page","status-publish","hentry"],"yoast_head":"<!-- This site is optimized with the Yoast SEO plugin v15.7 - https:\/\/yoast.com\/wordpress\/plugins\/seo\/ -->\n<title>Interdisziplin\u00e4re Interaktion bei vaskul\u00e4ren Erkrankungen des Auges &bull; Augenarzt D\u00fcsseldorf Praxis Zeitz Franko Zeitz<\/title>\n<meta name=\"robots\" content=\"index, follow, max-snippet:-1, max-image-preview:large, max-video-preview:-1\" \/>\n<link rel=\"canonical\" href=\"https:\/\/www.zeitzfrankozeitz.de\/hr\/wissenschaftliche-arbeit\/interdisziplinaere-interaktion-bei-vaskulaeren-erkrankungen-des-auges\/\" \/>\n<meta property=\"og:locale\" content=\"hr_HR\" \/>\n<meta property=\"og:type\" content=\"article\" \/>\n<meta property=\"og:title\" content=\"Interdisziplin\u00e4re Interaktion bei vaskul\u00e4ren Erkrankungen des Auges &bull; Augenarzt D\u00fcsseldorf Praxis Zeitz Franko Zeitz\" \/>\n<meta property=\"og:description\" content=\"Leitthema &#8220;Der Ophthalmologe&#8221; Januar 2014, Gastredaktion: Philipp Franko Zeitz Artikel\u00fcbersicht: &#8220;Interdisziplin\u00e4re Interaktion bei vaskul\u00e4ren Erkrankungen des Auges&#8221;, Dr. P. Franko Zeitz &#8220;Vaskul\u00e4re Netzhauterkrankungen als Spiegel generalisierter Gef\u00e4\u00dfver\u00e4nderungen&#8221;, Prof. Dr. N. Feltgen, P. Franko Zeitz &#8220;Interdisziplin\u00e4re Interaktion bei vaskul\u00e4ren Erkrankungen des Auges&#8221;, Prof. Dr. G. Nelles &#8220;Interdisziplin\u00e4re Interaktion bei vaskul\u00e4ren Erkrankungen des Auges, Diabetes und diabetischer [&hellip;]\" \/>\n<meta property=\"og:url\" content=\"https:\/\/www.zeitzfrankozeitz.de\/wissenschaftliche-arbeit\/interdisziplinaere-interaktion-bei-vaskulaeren-erkrankungen-des-auges\/\" \/>\n<meta property=\"og:site_name\" content=\"Augenarzt D\u00fcsseldorf Praxis Zeitz Franko Zeitz\" \/>\n<meta property=\"article:modified_time\" content=\"2024-09-04T13:44:48+00:00\" \/>\n<meta property=\"og:image\" content=\"http:\/\/www.zeitzfrankozeitz.de\/wp-content\/uploads\/Diabetes-1.jpg\" \/>\n<meta name=\"twitter:card\" content=\"summary_large_image\" \/>\n<meta name=\"twitter:label1\" content=\"Procijenjeno vrijeme \u010ditanja\">\n\t<meta name=\"twitter:data1\" content=\"1 minuta\">\n<script type=\"application\/ld+json\" class=\"yoast-schema-graph\">{\"@context\":\"https:\/\/schema.org\",\"@graph\":[{\"@type\":\"Organization\",\"@id\":\"https:\/\/www.zeitzfrankozeitz.de\/#organization\",\"name\":\"Augenarzt D\\u00fcsseldorf Zentrum Praxis Zeitz Franko Zeitz\",\"url\":\"https:\/\/www.zeitzfrankozeitz.de\/\",\"sameAs\":[],\"logo\":{\"@type\":\"ImageObject\",\"@id\":\"https:\/\/www.zeitzfrankozeitz.de\/#logo\",\"inLanguage\":\"hr\",\"url\":\"https:\/\/www.zeitzfrankozeitz.de\/wp-content\/uploads\/ZFZ_LOGO-NEU.jpg\",\"width\":595,\"height\":841,\"caption\":\"Augenarzt D\\u00fcsseldorf Zentrum Praxis Zeitz Franko Zeitz\"},\"image\":{\"@id\":\"https:\/\/www.zeitzfrankozeitz.de\/#logo\"}},{\"@type\":\"WebSite\",\"@id\":\"https:\/\/www.zeitzfrankozeitz.de\/#website\",\"url\":\"https:\/\/www.zeitzfrankozeitz.de\/\",\"name\":\"Augenarzt D\\u00fcsseldorf Zentrum Praxis Zeitz Franko Zeitz\",\"description\":\"Augenarzt D\\u00fcsseldorf Praxis Zeitz Franko Zeitz\",\"publisher\":{\"@id\":\"https:\/\/www.zeitzfrankozeitz.de\/#organization\"},\"potentialAction\":[{\"@type\":\"SearchAction\",\"target\":\"https:\/\/www.zeitzfrankozeitz.de\/?s={search_term_string}\",\"query-input\":\"required name=search_term_string\"}],\"inLanguage\":\"hr\"},{\"@type\":\"ImageObject\",\"@id\":\"https:\/\/www.zeitzfrankozeitz.de\/wissenschaftliche-arbeit\/interdisziplinaere-interaktion-bei-vaskulaeren-erkrankungen-des-auges\/#primaryimage\",\"inLanguage\":\"hr\",\"url\":\"http:\/\/www.zeitzfrankozeitz.de\/wp-content\/uploads\/Diabetes-1.jpg\"},{\"@type\":\"WebPage\",\"@id\":\"https:\/\/www.zeitzfrankozeitz.de\/wissenschaftliche-arbeit\/interdisziplinaere-interaktion-bei-vaskulaeren-erkrankungen-des-auges\/#webpage\",\"url\":\"https:\/\/www.zeitzfrankozeitz.de\/wissenschaftliche-arbeit\/interdisziplinaere-interaktion-bei-vaskulaeren-erkrankungen-des-auges\/\",\"name\":\"Interdisziplin\\u00e4re Interaktion bei vaskul\\u00e4ren Erkrankungen des Auges &bull; Augenarzt D\\u00fcsseldorf Praxis Zeitz Franko Zeitz\",\"isPartOf\":{\"@id\":\"https:\/\/www.zeitzfrankozeitz.de\/#website\"},\"primaryImageOfPage\":{\"@id\":\"https:\/\/www.zeitzfrankozeitz.de\/wissenschaftliche-arbeit\/interdisziplinaere-interaktion-bei-vaskulaeren-erkrankungen-des-auges\/#primaryimage\"},\"datePublished\":\"2020-03-25T12:11:01+00:00\",\"dateModified\":\"2024-09-04T13:44:48+00:00\",\"inLanguage\":\"hr\",\"potentialAction\":[{\"@type\":\"ReadAction\",\"target\":[\"https:\/\/www.zeitzfrankozeitz.de\/wissenschaftliche-arbeit\/interdisziplinaere-interaktion-bei-vaskulaeren-erkrankungen-des-auges\/\"]}]}]}<\/script>\n<!-- \/ Yoast SEO plugin. -->","_links":{"self":[{"href":"https:\/\/www.zeitzfrankozeitz.de\/hr\/wp-json\/wp\/v2\/pages\/15767"}],"collection":[{"href":"https:\/\/www.zeitzfrankozeitz.de\/hr\/wp-json\/wp\/v2\/pages"}],"about":[{"href":"https:\/\/www.zeitzfrankozeitz.de\/hr\/wp-json\/wp\/v2\/types\/page"}],"author":[{"embeddable":true,"href":"https:\/\/www.zeitzfrankozeitz.de\/hr\/wp-json\/wp\/v2\/users\/1"}],"replies":[{"embeddable":true,"href":"https:\/\/www.zeitzfrankozeitz.de\/hr\/wp-json\/wp\/v2\/comments?post=15767"}],"version-history":[{"count":3,"href":"https:\/\/www.zeitzfrankozeitz.de\/hr\/wp-json\/wp\/v2\/pages\/15767\/revisions"}],"predecessor-version":[{"id":17393,"href":"https:\/\/www.zeitzfrankozeitz.de\/hr\/wp-json\/wp\/v2\/pages\/15767\/revisions\/17393"}],"up":[{"embeddable":true,"href":"https:\/\/www.zeitzfrankozeitz.de\/hr\/wp-json\/wp\/v2\/pages\/15731"}],"wp:attachment":[{"href":"https:\/\/www.zeitzfrankozeitz.de\/hr\/wp-json\/wp\/v2\/media?parent=15767"}],"curies":[{"name":"wp","href":"https:\/\/api.w.org\/{rel}","templated":true}]}}